{"version":"1.0","provider_name":"Galeria Biogr\u00e0fica de la Ci\u00e8ncia i la T\u00e8cnica Catalanes","provider_url":"https:\/\/scbcientifics.iec.cat\/es\/","author_name":"lifetimemedia","author_url":"https:\/\/scbcientifics.iec.cat\/es\/author\/lifetimemedia\/","title":"Sunyer Balaguer, Ferran &#171; Galeria Biogr\u00e0fica de la Ci\u00e8ncia i la T\u00e8cnica Catalanes","type":"rich","width":600,"height":338,"html":"<blockquote class=\"wp-embedded-content\" data-secret=\"2xD4rDZu26\"><a href=\"https:\/\/scbcientifics.iec.cat\/es\/cientifics\/sunyer-balaguer-ferran\/\">Sunyer Balaguer, Ferran<\/a><\/blockquote><iframe sandbox=\"allow-scripts\" security=\"restricted\" src=\"https:\/\/scbcientifics.iec.cat\/es\/cientifics\/sunyer-balaguer-ferran\/embed\/#?secret=2xD4rDZu26\" width=\"600\" height=\"338\" title=\"\u00abSunyer Balaguer, Ferran\u00bb \u2014 Galeria Biogr\u00e0fica de la Ci\u00e8ncia i la T\u00e8cnica Catalanes\" data-secret=\"2xD4rDZu26\" frameborder=\"0\" marginwidth=\"0\" marginheight=\"0\" scrolling=\"no\" class=\"wp-embedded-content\"><\/iframe><script>\n\/*! This file is auto-generated *\/\n!function(d,l){\"use strict\";l.querySelector&&d.addEventListener&&\"undefined\"!=typeof URL&&(d.wp=d.wp||{},d.wp.receiveEmbedMessage||(d.wp.receiveEmbedMessage=function(e){var t=e.data;if((t||t.secret||t.message||t.value)&&!\/[^a-zA-Z0-9]\/.test(t.secret)){for(var s,r,n,a=l.querySelectorAll('iframe[data-secret=\"'+t.secret+'\"]'),o=l.querySelectorAll('blockquote[data-secret=\"'+t.secret+'\"]'),c=new RegExp(\"^https?:$\",\"i\"),i=0;i<o.length;i++)o[i].style.display=\"none\";for(i=0;i<a.length;i++)s=a[i],e.source===s.contentWindow&&(s.removeAttribute(\"style\"),\"height\"===t.message?(1e3<(r=parseInt(t.value,10))?r=1e3:~~r<200&&(r=200),s.height=r):\"link\"===t.message&&(r=new URL(s.getAttribute(\"src\")),n=new URL(t.value),c.test(n.protocol))&&n.host===r.host&&l.activeElement===s&&(d.top.location.href=t.value))}},d.addEventListener(\"message\",d.wp.receiveEmbedMessage,!1),l.addEventListener(\"DOMContentLoaded\",function(){for(var e,t,s=l.querySelectorAll(\"iframe.wp-embedded-content\"),r=0;r<s.length;r++)(t=(e=s[r]).getAttribute(\"data-secret\"))||(t=Math.random().toString(36).substring(2,12),e.src+=\"#?secret=\"+t,e.setAttribute(\"data-secret\",t)),e.contentWindow.postMessage({message:\"ready\",secret:t},\"*\")},!1)))}(window,document);\n\/\/# sourceURL=https:\/\/scbcientifics.iec.cat\/wp-includes\/js\/wp-embed.min.js\n<\/script>\n","thumbnail_url":"https:\/\/scbcientifics.iec.cat\/wp-content\/uploads\/2021\/01\/1413536387-sunyerbalaguer2jpg.jpg","thumbnail_width":400,"thumbnail_height":533,"description":"Afectado de par\u00e1lisis desde su nacimiento, fue pr\u00e1cticamente autodidacta en las materias cient\u00edficas. Inclinado pronto hacia la matem\u00e1tica, comenz\u00f3 su trabajo de investigaci\u00f3n con un trabajo sobre sumaci\u00f3n de series que fue publicado en \"Comptes Rendus\" de la Acad\u00e9mie des Sciences de Par\u00eds."}