{"version":"1.0","provider_name":"Galeria Biogr\u00e0fica de la Ci\u00e8ncia i la T\u00e8cnica Catalanes","provider_url":"https:\/\/scbcientifics.iec.cat\/es\/","author_name":"lifetimemedia","author_url":"https:\/\/scbcientifics.iec.cat\/es\/author\/lifetimemedia\/","title":"Arb\u00f3s Tor, Jaume &#171; Galeria Biogr\u00e0fica de la Ci\u00e8ncia i la T\u00e8cnica Catalanes","type":"rich","width":600,"height":338,"html":"<blockquote class=\"wp-embedded-content\" data-secret=\"TbgWC8UGbl\"><a href=\"https:\/\/scbcientifics.iec.cat\/es\/cientifics\/arbos-tor-jaume\/\">Arb\u00f3s Tor, Jaume<\/a><\/blockquote><iframe sandbox=\"allow-scripts\" security=\"restricted\" src=\"https:\/\/scbcientifics.iec.cat\/es\/cientifics\/arbos-tor-jaume\/embed\/#?secret=TbgWC8UGbl\" width=\"600\" height=\"338\" title=\"\u00abArb\u00f3s Tor, Jaume\u00bb \u2014 Galeria Biogr\u00e0fica de la Ci\u00e8ncia i la T\u00e8cnica Catalanes\" data-secret=\"TbgWC8UGbl\" frameborder=\"0\" marginwidth=\"0\" marginheight=\"0\" scrolling=\"no\" class=\"wp-embedded-content\"><\/iframe><script>\n\/*! This file is auto-generated *\/\n!function(d,l){\"use strict\";l.querySelector&&d.addEventListener&&\"undefined\"!=typeof URL&&(d.wp=d.wp||{},d.wp.receiveEmbedMessage||(d.wp.receiveEmbedMessage=function(e){var t=e.data;if((t||t.secret||t.message||t.value)&&!\/[^a-zA-Z0-9]\/.test(t.secret)){for(var s,r,n,a=l.querySelectorAll('iframe[data-secret=\"'+t.secret+'\"]'),o=l.querySelectorAll('blockquote[data-secret=\"'+t.secret+'\"]'),c=new RegExp(\"^https?:$\",\"i\"),i=0;i<o.length;i++)o[i].style.display=\"none\";for(i=0;i<a.length;i++)s=a[i],e.source===s.contentWindow&&(s.removeAttribute(\"style\"),\"height\"===t.message?(1e3<(r=parseInt(t.value,10))?r=1e3:~~r<200&&(r=200),s.height=r):\"link\"===t.message&&(r=new URL(s.getAttribute(\"src\")),n=new URL(t.value),c.test(n.protocol))&&n.host===r.host&&l.activeElement===s&&(d.top.location.href=t.value))}},d.addEventListener(\"message\",d.wp.receiveEmbedMessage,!1),l.addEventListener(\"DOMContentLoaded\",function(){for(var e,t,s=l.querySelectorAll(\"iframe.wp-embedded-content\"),r=0;r<s.length;r++)(t=(e=s[r]).getAttribute(\"data-secret\"))||(t=Math.random().toString(36).substring(2,12),e.src+=\"#?secret=\"+t,e.setAttribute(\"data-secret\",t)),e.contentWindow.postMessage({message:\"ready\",secret:t},\"*\")},!1)))}(window,document);\n\/\/# sourceURL=https:\/\/scbcientifics.iec.cat\/wp-includes\/js\/wp-embed.min.js\n<\/script>\n","thumbnail_url":"https:\/\/scbcientifics.iec.cat\/wp-content\/uploads\/2021\/01\/1412594359-arbosjaume1jpg.jpg","thumbnail_width":400,"thumbnail_height":533,"description":"En 1857 instal\u00f3 una f\u00e1brica de gas en Matar\u00f3, y cinco a\u00f1os despu\u00e9s patent\u00f3 el primer gas\u00f3geno de aspiraci\u00f3n. El llamado gas Arb\u00f3s, que se utiliz\u00f3 en diferentes puntos de Catalu\u00f1a, es una mezcla de gas de agua con un hidrocarburo que da brillo a la llama."}